{"id":2562,"date":"2025-10-30T10:29:51","date_gmt":"2025-10-30T10:29:51","guid":{"rendered":"https:\/\/antonius-chor-wettingen.ch\/?page_id=2562"},"modified":"2025-11-17T14:55:05","modified_gmt":"2025-11-17T14:55:05","slug":"2025-fotos-chorreise-nach-alba-piemont","status":"publish","type":"page","link":"https:\/\/antonius-chor-wettingen.ch\/index.php\/2025-fotos-chorreise-nach-alba-piemont\/","title":{"rendered":"2025 Fotos Chorreise nach Alba \u2013 Piemont"},"content":{"rendered":"\n<p class=\"wp-block-paragraph\">Chorreise Alba 10.-12.10.2025<\/p>\n\n\n\n<p class=\"wp-block-paragraph\">Auf unserer Car Reise ins h\u00fcgelige Piemont, bei sp\u00e4tsommerlich angenehmen Temperaturen und mit Zwischenhalten in Asti und Barolo, besuchten wir das kleine, aber feine Alba. Neben der sehenswerten Altstadt, bot sich dort auch ein Besuch des historischen Tr\u00fcffelmarktes an.<\/p>\n\n\n\n<p class=\"wp-block-paragraph\">Der ausf\u00fchrliche und mit einem Augenzwinkern verfasste Bericht \u00fcber diese sch\u00f6nen und erlebnisreichen Tage und ihre H\u00f6hepunkte, befindet sich <a href=\"https:\/\/antonius-chor-wettingen.ch\/wp-content\/uploads\/2025\/10\/Chorreise-Alba-2025.pdf\" target=\"_blank\" rel=\"noreferrer noopener\"><strong>hier<\/strong>.<\/a>&nbsp;&nbsp;&nbsp;&nbsp;&nbsp;&nbsp;&nbsp;&nbsp; Geri Weibel<\/p>\n\n\n\n<p class=\"wp-block-paragraph\"><\/p>\n\n\n<style type=\"text\/css\">\n#foogallery-gallery-2575 .fg-image { width: 270px; }\n#foogallery-gallery-2575 { --fg-gutter: 10px; }<\/style>\n\t\t\t<div class=\"foogallery foogallery-container foogallery-default foogallery-lightbox-foogallery fg-center fg-default fg-ready fg-light fg-shadow-medium fg-loading-default fg-loaded-fade-in fg-preset fg-brad fg-preset-small fg-preset fg-brad fg-preset-small\" id=\"foogallery-gallery-2575\" data-foogallery=\"{&quot;item&quot;:{&quot;showCaptionTitle&quot;:true,&quot;showCaptionDescription&quot;:true},&quot;lazy&quot;:true,&quot;src&quot;:&quot;src&quot;,&quot;srcset&quot;:&quot;srcset&quot;}\" data-foogallery-lightbox=\"{&quot;thumbs&quot;:&quot;bottom&quot;,&quot;thumbsCaptions&quot;:false,&quot;thumbsBestFit&quot;:false,&quot;thumbsSmall&quot;:false,&quot;thumbsCaptionsAlign&quot;:&quot;default&quot;,&quot;info&quot;:&quot;bottom&quot;,&quot;infoVisible&quot;:true,&quot;infoOverlay&quot;:true,&quot;infoAlign&quot;:&quot;default&quot;,&quot;transition&quot;:&quot;fade&quot;,&quot;hoverButtons&quot;:false,&quot;fitMedia&quot;:false,&quot;noScrollbars&quot;:true,&quot;preserveButtonSpace&quot;:true,&quot;buttons&quot;:{&quot;fullscreen&quot;:true,&quot;info&quot;:true,&quot;thumbs&quot;:false},&quot;video&quot;:{&quot;autoPlay&quot;:true}}\" style=\"--fg-title-line-clamp: 0; --fg-description-line-clamp: 0;\" >\n\t<div class=\"fg-item fg-type-image fg-loading\"><figure class=\"fg-item-inner\"><a href=\"https:\/\/antonius-chor-wettingen.ch\/wp-content\/uploads\/2025\/10\/2025-Chorreise-Alba-Piemont-1-scaled.jpg\" data-attachment-id=\"2504\" data-type=\"image\" class=\"fg-thumb\"><span class=\"fg-image-wrap\"><img src=\"https:\/\/antonius-chor-wettingen.ch\/wp-content\/uploads\/cache\/2025\/10\/2025-Chorreise-Alba-Piemont-1-scaled\/4142487799.jpg\" width=\"270\" height=\"230\" class=\"skip-lazy fg-image\" decoding=\"async\" loading=\"lazy\"><\/span><span class=\"fg-image-overlay\"><\/span><\/a><\/figure><div class=\"fg-loader\"><\/div><\/div><div class=\"fg-item fg-type-image fg-loading\"><figure class=\"fg-item-inner\"><a href=\"https:\/\/antonius-chor-wettingen.ch\/wp-content\/uploads\/2025\/10\/2025-Chorreise-Alba-Piemont-2-scaled.jpg\" data-attachment-id=\"2505\" data-type=\"image\" class=\"fg-thumb\"><span class=\"fg-image-wrap\"><img src=\"https:\/\/antonius-chor-wettingen.ch\/wp-content\/uploads\/cache\/2025\/10\/2025-Chorreise-Alba-Piemont-2-scaled\/134941209.jpg\" width=\"270\" height=\"230\" class=\"skip-lazy fg-image\" decoding=\"async\" loading=\"lazy\"><\/span><span class=\"fg-image-overlay\"><\/span><\/a><\/figure><div class=\"fg-loader\"><\/div><\/div><div class=\"fg-item fg-type-image fg-loading\"><figure class=\"fg-item-inner\"><a href=\"https:\/\/antonius-chor-wettingen.ch\/wp-content\/uploads\/2025\/10\/2025-Chorreise-Alba-Piemont-3-scaled.jpg\" data-attachment-id=\"2506\" data-type=\"image\" class=\"fg-thumb\"><span class=\"fg-image-wrap\"><img src=\"https:\/\/antonius-chor-wettingen.ch\/wp-content\/uploads\/cache\/2025\/10\/2025-Chorreise-Alba-Piemont-3-scaled\/1512087049.jpg\" width=\"270\" height=\"230\" class=\"skip-lazy fg-image\" decoding=\"async\" loading=\"lazy\"><\/span><span class=\"fg-image-overlay\"><\/span><\/a><\/figure><div class=\"fg-loader\"><\/div><\/div><div class=\"fg-item fg-type-image fg-loading\"><figure class=\"fg-item-inner\"><a href=\"https:\/\/antonius-chor-wettingen.ch\/wp-content\/uploads\/2025\/10\/2025-Chorreise-Alba-Piemont-4-scaled.jpg\" data-attachment-id=\"2507\" data-type=\"image\" class=\"fg-thumb\"><span class=\"fg-image-wrap\"><img src=\"https:\/\/antonius-chor-wettingen.ch\/wp-content\/uploads\/cache\/2025\/10\/2025-Chorreise-Alba-Piemont-4-scaled\/784247172.jpg\" width=\"270\" height=\"230\" class=\"skip-lazy fg-image\" decoding=\"async\" loading=\"lazy\"><\/span><span class=\"fg-image-overlay\"><\/span><\/a><\/figure><div class=\"fg-loader\"><\/div><\/div><div class=\"fg-item fg-type-image fg-loading\"><figure class=\"fg-item-inner\"><a href=\"https:\/\/antonius-chor-wettingen.ch\/wp-content\/uploads\/2025\/10\/2025-Chorreise-Alba-Piemont-5-scaled.jpg\" data-attachment-id=\"2508\" data-type=\"image\" class=\"fg-thumb\"><span class=\"fg-image-wrap\"><img src=\"https:\/\/antonius-chor-wettingen.ch\/wp-content\/uploads\/cache\/2025\/10\/2025-Chorreise-Alba-Piemont-5-scaled\/1698041590.jpg\" width=\"270\" height=\"230\" class=\"skip-lazy fg-image\" decoding=\"async\" loading=\"lazy\"><\/span><span class=\"fg-image-overlay\"><\/span><\/a><\/figure><div class=\"fg-loader\"><\/div><\/div><div class=\"fg-item fg-type-image fg-loading\"><figure class=\"fg-item-inner\"><a href=\"https:\/\/antonius-chor-wettingen.ch\/wp-content\/uploads\/2025\/10\/2025-Chorreise-Alba-Piemont-6-scaled.jpg\" data-attachment-id=\"2509\" data-type=\"image\" class=\"fg-thumb\"><span class=\"fg-image-wrap\"><img src=\"https:\/\/antonius-chor-wettingen.ch\/wp-content\/uploads\/cache\/2025\/10\/2025-Chorreise-Alba-Piemont-6-scaled\/2614385688.jpg\" width=\"270\" height=\"230\" class=\"skip-lazy fg-image\" decoding=\"async\" loading=\"lazy\"><\/span><span class=\"fg-image-overlay\"><\/span><\/a><\/figure><div class=\"fg-loader\"><\/div><\/div><div class=\"fg-item fg-type-image fg-loading\"><figure class=\"fg-item-inner\"><a href=\"https:\/\/antonius-chor-wettingen.ch\/wp-content\/uploads\/2025\/10\/2025-Chorreise-Alba-Piemont-7-scaled.jpg\" data-attachment-id=\"2510\" data-type=\"image\" class=\"fg-thumb\"><span class=\"fg-image-wrap\"><img src=\"https:\/\/antonius-chor-wettingen.ch\/wp-content\/uploads\/cache\/2025\/10\/2025-Chorreise-Alba-Piemont-7-scaled\/2986998532.jpg\" width=\"270\" height=\"230\" class=\"skip-lazy fg-image\" decoding=\"async\" loading=\"lazy\"><\/span><span class=\"fg-image-overlay\"><\/span><\/a><\/figure><div class=\"fg-loader\"><\/div><\/div><div class=\"fg-item fg-type-image fg-loading\"><figure class=\"fg-item-inner\"><a href=\"https:\/\/antonius-chor-wettingen.ch\/wp-content\/uploads\/2025\/10\/2025-Chorreise-Alba-Piemont-8-scaled.jpg\" data-attachment-id=\"2511\" data-type=\"image\" class=\"fg-thumb\"><span class=\"fg-image-wrap\"><img src=\"https:\/\/antonius-chor-wettingen.ch\/wp-content\/uploads\/cache\/2025\/10\/2025-Chorreise-Alba-Piemont-8-scaled\/152961038.jpg\" width=\"270\" height=\"230\" class=\"skip-lazy fg-image\" decoding=\"async\" loading=\"lazy\"><\/span><span class=\"fg-image-overlay\"><\/span><\/a><\/figure><div class=\"fg-loader\"><\/div><\/div><div class=\"fg-item fg-type-image fg-loading\"><figure class=\"fg-item-inner\"><a href=\"https:\/\/antonius-chor-wettingen.ch\/wp-content\/uploads\/2025\/10\/2025-Chorreise-Alba-Piemont-9-scaled.jpg\" data-attachment-id=\"2512\" data-type=\"image\" class=\"fg-thumb\"><span class=\"fg-image-wrap\"><img src=\"https:\/\/antonius-chor-wettingen.ch\/wp-content\/uploads\/cache\/2025\/10\/2025-Chorreise-Alba-Piemont-9-scaled\/1530237982.jpg\" width=\"270\" height=\"230\" class=\"skip-lazy fg-image\" decoding=\"async\" loading=\"lazy\"><\/span><span class=\"fg-image-overlay\"><\/span><\/a><\/figure><div class=\"fg-loader\"><\/div><\/div><div class=\"fg-item fg-type-image fg-loading\"><figure class=\"fg-item-inner\"><a href=\"https:\/\/antonius-chor-wettingen.ch\/wp-content\/uploads\/2025\/10\/2025-Chorreise-Alba-Piemont-10-scaled.jpg\" data-attachment-id=\"2513\" data-type=\"image\" class=\"fg-thumb\"><span class=\"fg-image-wrap\"><img src=\"https:\/\/antonius-chor-wettingen.ch\/wp-content\/uploads\/cache\/2025\/10\/2025-Chorreise-Alba-Piemont-10-scaled\/3911611982.jpg\" width=\"270\" height=\"230\" class=\"skip-lazy fg-image\" decoding=\"async\" loading=\"lazy\"><\/span><span class=\"fg-image-overlay\"><\/span><\/a><\/figure><div class=\"fg-loader\"><\/div><\/div><div class=\"fg-item fg-type-image fg-loading\"><figure class=\"fg-item-inner\"><a href=\"https:\/\/antonius-chor-wettingen.ch\/wp-content\/uploads\/2025\/10\/2025-Chorreise-Alba-Piemont-11-scaled.jpg\" data-attachment-id=\"2514\" data-type=\"image\" class=\"fg-thumb\"><span class=\"fg-image-wrap\"><img src=\"https:\/\/antonius-chor-wettingen.ch\/wp-content\/uploads\/cache\/2025\/10\/2025-Chorreise-Alba-Piemont-11-scaled\/2184406778.jpg\" width=\"270\" height=\"230\" class=\"skip-lazy fg-image\" decoding=\"async\" loading=\"lazy\"><\/span><span class=\"fg-image-overlay\"><\/span><\/a><\/figure><div class=\"fg-loader\"><\/div><\/div><div class=\"fg-item fg-type-image fg-loading\"><figure class=\"fg-item-inner\"><a href=\"https:\/\/antonius-chor-wettingen.ch\/wp-content\/uploads\/2025\/10\/2025-Chorreise-Alba-Piemont-12-scaled.jpg\" data-attachment-id=\"2515\" data-type=\"image\" class=\"fg-thumb\"><span class=\"fg-image-wrap\"><img src=\"https:\/\/antonius-chor-wettingen.ch\/wp-content\/uploads\/cache\/2025\/10\/2025-Chorreise-Alba-Piemont-12-scaled\/4257912156.jpg\" width=\"270\" height=\"230\" class=\"skip-lazy fg-image\" decoding=\"async\" loading=\"lazy\"><\/span><span class=\"fg-image-overlay\"><\/span><\/a><\/figure><div class=\"fg-loader\"><\/div><\/div><div class=\"fg-item fg-type-image fg-loading\"><figure class=\"fg-item-inner\"><a href=\"https:\/\/antonius-chor-wettingen.ch\/wp-content\/uploads\/2025\/10\/2025-Chorreise-Alba-Piemont-13-scaled.jpg\" data-attachment-id=\"2516\" data-type=\"image\" class=\"fg-thumb\"><span class=\"fg-image-wrap\"><img src=\"https:\/\/antonius-chor-wettingen.ch\/wp-content\/uploads\/cache\/2025\/10\/2025-Chorreise-Alba-Piemont-13-scaled\/4156351701.jpg\" width=\"270\" height=\"230\" class=\"skip-lazy fg-image\" decoding=\"async\" loading=\"lazy\"><\/span><span class=\"fg-image-overlay\"><\/span><\/a><\/figure><div class=\"fg-loader\"><\/div><\/div><div class=\"fg-item fg-type-image fg-loading\"><figure class=\"fg-item-inner\"><a href=\"https:\/\/antonius-chor-wettingen.ch\/wp-content\/uploads\/2025\/10\/2025-Chorreise-Alba-Piemont-14-scaled.jpg\" data-attachment-id=\"2517\" data-type=\"image\" class=\"fg-thumb\"><span class=\"fg-image-wrap\"><img src=\"https:\/\/antonius-chor-wettingen.ch\/wp-content\/uploads\/cache\/2025\/10\/2025-Chorreise-Alba-Piemont-14-scaled\/37319184.jpg\" width=\"270\" height=\"230\" class=\"skip-lazy fg-image\" decoding=\"async\" loading=\"lazy\"><\/span><span class=\"fg-image-overlay\"><\/span><\/a><\/figure><div class=\"fg-loader\"><\/div><\/div><div class=\"fg-item fg-type-image fg-loading\"><figure class=\"fg-item-inner\"><a href=\"https:\/\/antonius-chor-wettingen.ch\/wp-content\/uploads\/2025\/10\/2025-Chorreise-Alba-Piemont-15-scaled.jpg\" data-attachment-id=\"2518\" data-type=\"image\" class=\"fg-thumb\"><span class=\"fg-image-wrap\"><img src=\"https:\/\/antonius-chor-wettingen.ch\/wp-content\/uploads\/cache\/2025\/10\/2025-Chorreise-Alba-Piemont-15-scaled\/2884280542.jpg\" width=\"270\" height=\"230\" class=\"skip-lazy fg-image\" decoding=\"async\" loading=\"lazy\"><\/span><span class=\"fg-image-overlay\"><\/span><\/a><\/figure><div class=\"fg-loader\"><\/div><\/div><div class=\"fg-item fg-type-image fg-loading\"><figure class=\"fg-item-inner\"><a href=\"https:\/\/antonius-chor-wettingen.ch\/wp-content\/uploads\/2025\/10\/2025-Chorreise-Alba-Piemont-16-scaled.jpg\" data-attachment-id=\"2519\" data-type=\"image\" class=\"fg-thumb\"><span class=\"fg-image-wrap\"><img src=\"https:\/\/antonius-chor-wettingen.ch\/wp-content\/uploads\/cache\/2025\/10\/2025-Chorreise-Alba-Piemont-16-scaled\/3558036344.jpg\" width=\"270\" height=\"230\" class=\"skip-lazy fg-image\" decoding=\"async\" loading=\"lazy\"><\/span><span class=\"fg-image-overlay\"><\/span><\/a><\/figure><div class=\"fg-loader\"><\/div><\/div><div class=\"fg-item fg-type-image fg-loading\"><figure class=\"fg-item-inner\"><a href=\"https:\/\/antonius-chor-wettingen.ch\/wp-content\/uploads\/2025\/10\/2025-Chorreise-Alba-Piemont-17-scaled.jpg\" data-attachment-id=\"2520\" data-type=\"image\" class=\"fg-thumb\"><span class=\"fg-image-wrap\"><img src=\"https:\/\/antonius-chor-wettingen.ch\/wp-content\/uploads\/cache\/2025\/10\/2025-Chorreise-Alba-Piemont-17-scaled\/4222357329.jpg\" width=\"270\" height=\"230\" class=\"skip-lazy fg-image\" decoding=\"async\" loading=\"lazy\"><\/span><span class=\"fg-image-overlay\"><\/span><\/a><\/figure><div class=\"fg-loader\"><\/div><\/div><div class=\"fg-item fg-type-image fg-loading\"><figure class=\"fg-item-inner\"><a href=\"https:\/\/antonius-chor-wettingen.ch\/wp-content\/uploads\/2025\/10\/2025-Chorreise-Alba-Piemont-18-scaled.jpg\" data-attachment-id=\"2521\" data-type=\"image\" class=\"fg-thumb\"><span class=\"fg-image-wrap\"><img src=\"https:\/\/antonius-chor-wettingen.ch\/wp-content\/uploads\/cache\/2025\/10\/2025-Chorreise-Alba-Piemont-18-scaled\/3248510227.jpg\" width=\"270\" height=\"230\" class=\"skip-lazy fg-image\" decoding=\"async\" loading=\"lazy\"><\/span><span class=\"fg-image-overlay\"><\/span><\/a><\/figure><div class=\"fg-loader\"><\/div><\/div><div class=\"fg-item fg-type-image fg-loading\"><figure class=\"fg-item-inner\"><a href=\"https:\/\/antonius-chor-wettingen.ch\/wp-content\/uploads\/2025\/10\/2025-Chorreise-Alba-Piemont-19-scaled.jpg\" data-attachment-id=\"2522\" data-type=\"image\" class=\"fg-thumb\"><span class=\"fg-image-wrap\"><img src=\"https:\/\/antonius-chor-wettingen.ch\/wp-content\/uploads\/cache\/2025\/10\/2025-Chorreise-Alba-Piemont-19-scaled\/3419808922.jpg\" width=\"270\" height=\"230\" class=\"skip-lazy fg-image\" decoding=\"async\" loading=\"lazy\"><\/span><span class=\"fg-image-overlay\"><\/span><\/a><\/figure><div class=\"fg-loader\"><\/div><\/div><div class=\"fg-item fg-type-image fg-loading\"><figure class=\"fg-item-inner\"><a href=\"https:\/\/antonius-chor-wettingen.ch\/wp-content\/uploads\/2025\/10\/2025-Chorreise-Alba-Piemont-20-scaled.jpg\" data-attachment-id=\"2523\" data-type=\"image\" class=\"fg-thumb\"><span class=\"fg-image-wrap\"><img src=\"https:\/\/antonius-chor-wettingen.ch\/wp-content\/uploads\/cache\/2025\/10\/2025-Chorreise-Alba-Piemont-20-scaled\/4209516248.jpg\" width=\"270\" height=\"230\" class=\"skip-lazy fg-image\" decoding=\"async\" loading=\"lazy\"><\/span><span class=\"fg-image-overlay\"><\/span><\/a><\/figure><div class=\"fg-loader\"><\/div><\/div><div class=\"fg-item fg-type-image fg-loading\"><figure class=\"fg-item-inner\"><a href=\"https:\/\/antonius-chor-wettingen.ch\/wp-content\/uploads\/2025\/10\/2025-Chorreise-Alba-Piemont-21-scaled.jpg\" data-attachment-id=\"2524\" data-type=\"image\" class=\"fg-thumb\"><span class=\"fg-image-wrap\"><img src=\"https:\/\/antonius-chor-wettingen.ch\/wp-content\/uploads\/cache\/2025\/10\/2025-Chorreise-Alba-Piemont-21-scaled\/2449280620.jpg\" width=\"270\" height=\"230\" class=\"skip-lazy fg-image\" decoding=\"async\" loading=\"lazy\"><\/span><span class=\"fg-image-overlay\"><\/span><\/a><\/figure><div class=\"fg-loader\"><\/div><\/div><div class=\"fg-item fg-type-image fg-loading\"><figure class=\"fg-item-inner\"><a href=\"https:\/\/antonius-chor-wettingen.ch\/wp-content\/uploads\/2025\/10\/2025-Chorreise-Alba-Piemont-22-scaled.jpg\" data-attachment-id=\"2525\" data-type=\"image\" class=\"fg-thumb\"><span class=\"fg-image-wrap\"><img src=\"https:\/\/antonius-chor-wettingen.ch\/wp-content\/uploads\/cache\/2025\/10\/2025-Chorreise-Alba-Piemont-22-scaled\/3993304522.jpg\" width=\"270\" height=\"230\" class=\"skip-lazy fg-image\" decoding=\"async\" loading=\"lazy\"><\/span><span class=\"fg-image-overlay\"><\/span><\/a><\/figure><div class=\"fg-loader\"><\/div><\/div><div class=\"fg-item fg-type-image fg-loading\"><figure class=\"fg-item-inner\"><a href=\"https:\/\/antonius-chor-wettingen.ch\/wp-content\/uploads\/2025\/10\/2025-Chorreise-Alba-Piemont-23-scaled.jpg\" data-attachment-id=\"2526\" data-type=\"image\" class=\"fg-thumb\"><span class=\"fg-image-wrap\"><img src=\"https:\/\/antonius-chor-wettingen.ch\/wp-content\/uploads\/cache\/2025\/10\/2025-Chorreise-Alba-Piemont-23-scaled\/3832712259.jpg\" width=\"270\" height=\"230\" class=\"skip-lazy fg-image\" decoding=\"async\" loading=\"lazy\"><\/span><span class=\"fg-image-overlay\"><\/span><\/a><\/figure><div class=\"fg-loader\"><\/div><\/div><div class=\"fg-item fg-type-image fg-loading\"><figure class=\"fg-item-inner\"><a href=\"https:\/\/antonius-chor-wettingen.ch\/wp-content\/uploads\/2025\/10\/2025-Chorreise-Alba-Piemont-24.jpg\" data-attachment-id=\"2527\" data-type=\"image\" class=\"fg-thumb\"><span class=\"fg-image-wrap\"><img src=\"https:\/\/antonius-chor-wettingen.ch\/wp-content\/uploads\/cache\/2025\/10\/2025-Chorreise-Alba-Piemont-24\/1100517078.jpg\" width=\"270\" height=\"230\" class=\"skip-lazy fg-image\" decoding=\"async\" loading=\"lazy\"><\/span><span class=\"fg-image-overlay\"><\/span><\/a><\/figure><div class=\"fg-loader\"><\/div><\/div><div class=\"fg-item fg-type-image fg-loading\"><figure class=\"fg-item-inner\"><a href=\"https:\/\/antonius-chor-wettingen.ch\/wp-content\/uploads\/2025\/10\/2025-Chorreise-Alba-Piemont-25-scaled.jpg\" data-attachment-id=\"2528\" data-type=\"image\" class=\"fg-thumb\"><span class=\"fg-image-wrap\"><img src=\"https:\/\/antonius-chor-wettingen.ch\/wp-content\/uploads\/cache\/2025\/10\/2025-Chorreise-Alba-Piemont-25-scaled\/3089418312.jpg\" width=\"270\" height=\"230\" class=\"skip-lazy fg-image\" decoding=\"async\" loading=\"lazy\"><\/span><span class=\"fg-image-overlay\"><\/span><\/a><\/figure><div class=\"fg-loader\"><\/div><\/div><div class=\"fg-item fg-type-image fg-loading\"><figure class=\"fg-item-inner\"><a href=\"https:\/\/antonius-chor-wettingen.ch\/wp-content\/uploads\/2025\/10\/2025-Chorreise-Alba-Piemont-26-scaled.jpg\" data-attachment-id=\"2529\" data-type=\"image\" class=\"fg-thumb\"><span class=\"fg-image-wrap\"><img src=\"https:\/\/antonius-chor-wettingen.ch\/wp-content\/uploads\/cache\/2025\/10\/2025-Chorreise-Alba-Piemont-26-scaled\/3353164782.jpg\" width=\"270\" height=\"230\" class=\"skip-lazy fg-image\" decoding=\"async\" loading=\"lazy\"><\/span><span class=\"fg-image-overlay\"><\/span><\/a><\/figure><div class=\"fg-loader\"><\/div><\/div><div class=\"fg-item fg-type-image fg-loading\"><figure class=\"fg-item-inner\"><a href=\"https:\/\/antonius-chor-wettingen.ch\/wp-content\/uploads\/2025\/10\/2025-Chorreise-Alba-Piemont-27-scaled.jpg\" data-attachment-id=\"2530\" data-type=\"image\" class=\"fg-thumb\"><span class=\"fg-image-wrap\"><img src=\"https:\/\/antonius-chor-wettingen.ch\/wp-content\/uploads\/cache\/2025\/10\/2025-Chorreise-Alba-Piemont-27-scaled\/3295080575.jpg\" width=\"270\" height=\"230\" class=\"skip-lazy fg-image\" decoding=\"async\" loading=\"lazy\"><\/span><span class=\"fg-image-overlay\"><\/span><\/a><\/figure><div class=\"fg-loader\"><\/div><\/div><div class=\"fg-item fg-type-image fg-loading\"><figure class=\"fg-item-inner\"><a href=\"https:\/\/antonius-chor-wettingen.ch\/wp-content\/uploads\/2025\/10\/2025-Chorreise-Alba-Piemont-28-scaled.jpg\" data-attachment-id=\"2531\" data-type=\"image\" class=\"fg-thumb\"><span class=\"fg-image-wrap\"><img src=\"https:\/\/antonius-chor-wettingen.ch\/wp-content\/uploads\/cache\/2025\/10\/2025-Chorreise-Alba-Piemont-28-scaled\/4268403261.jpg\" width=\"270\" height=\"230\" class=\"skip-lazy fg-image\" decoding=\"async\" loading=\"lazy\"><\/span><span class=\"fg-image-overlay\"><\/span><\/a><\/figure><div class=\"fg-loader\"><\/div><\/div><div class=\"fg-item fg-type-image fg-loading\"><figure class=\"fg-item-inner\"><a href=\"https:\/\/antonius-chor-wettingen.ch\/wp-content\/uploads\/2025\/10\/2025-Chorreise-Alba-Piemont-29-scaled.jpg\" data-attachment-id=\"2532\" data-type=\"image\" class=\"fg-thumb\"><span class=\"fg-image-wrap\"><img src=\"https:\/\/antonius-chor-wettingen.ch\/wp-content\/uploads\/cache\/2025\/10\/2025-Chorreise-Alba-Piemont-29-scaled\/4095531956.jpg\" width=\"270\" height=\"230\" class=\"skip-lazy fg-image\" decoding=\"async\" loading=\"lazy\"><\/span><span class=\"fg-image-overlay\"><\/span><\/a><\/figure><div class=\"fg-loader\"><\/div><\/div><div class=\"fg-item fg-type-image fg-loading\"><figure class=\"fg-item-inner\"><a href=\"https:\/\/antonius-chor-wettingen.ch\/wp-content\/uploads\/2025\/10\/2025-Chorreise-Alba-Piemont-30-scaled.jpg\" data-attachment-id=\"2533\" data-type=\"image\" class=\"fg-thumb\"><span class=\"fg-image-wrap\"><img src=\"https:\/\/antonius-chor-wettingen.ch\/wp-content\/uploads\/cache\/2025\/10\/2025-Chorreise-Alba-Piemont-30-scaled\/1115866261.jpg\" width=\"270\" height=\"230\" class=\"skip-lazy fg-image\" decoding=\"async\" loading=\"lazy\"><\/span><span class=\"fg-image-overlay\"><\/span><\/a><\/figure><div class=\"fg-loader\"><\/div><\/div><div class=\"fg-item fg-type-image fg-loading\"><figure class=\"fg-item-inner\"><a href=\"https:\/\/antonius-chor-wettingen.ch\/wp-content\/uploads\/2025\/10\/2025-Chorreise-Alba-Piemont-31-scaled.jpg\" data-attachment-id=\"2534\" data-type=\"image\" class=\"fg-thumb\"><span class=\"fg-image-wrap\"><img src=\"https:\/\/antonius-chor-wettingen.ch\/wp-content\/uploads\/cache\/2025\/10\/2025-Chorreise-Alba-Piemont-31-scaled\/697816097.jpg\" width=\"270\" height=\"230\" class=\"skip-lazy fg-image\" decoding=\"async\" loading=\"lazy\"><\/span><span class=\"fg-image-overlay\"><\/span><\/a><\/figure><div class=\"fg-loader\"><\/div><\/div><div class=\"fg-item fg-type-image fg-loading\"><figure class=\"fg-item-inner\"><a href=\"https:\/\/antonius-chor-wettingen.ch\/wp-content\/uploads\/2025\/10\/2025-Chorreise-Alba-Piemont-32b-scaled.jpg\" data-attachment-id=\"2572\" data-type=\"image\" class=\"fg-thumb\"><span class=\"fg-image-wrap\"><img src=\"https:\/\/antonius-chor-wettingen.ch\/wp-content\/uploads\/cache\/2025\/10\/2025-Chorreise-Alba-Piemont-32b-scaled\/2062872926.jpg\" width=\"270\" height=\"230\" class=\"skip-lazy fg-image\" decoding=\"async\" loading=\"lazy\"><\/span><span class=\"fg-image-overlay\"><\/span><\/a><\/figure><div class=\"fg-loader\"><\/div><\/div><div class=\"fg-item fg-type-image fg-loading\"><figure class=\"fg-item-inner\"><a href=\"https:\/\/antonius-chor-wettingen.ch\/wp-content\/uploads\/2025\/10\/2025-Chorreise-Alba-Piemont-32c-scaled.jpg\" data-attachment-id=\"2573\" data-type=\"image\" class=\"fg-thumb\"><span class=\"fg-image-wrap\"><img src=\"https:\/\/antonius-chor-wettingen.ch\/wp-content\/uploads\/cache\/2025\/10\/2025-Chorreise-Alba-Piemont-32c-scaled\/3574423914.jpg\" width=\"270\" height=\"230\" class=\"skip-lazy fg-image\" decoding=\"async\" loading=\"lazy\"><\/span><span class=\"fg-image-overlay\"><\/span><\/a><\/figure><div class=\"fg-loader\"><\/div><\/div><div class=\"fg-item fg-type-image fg-loading\"><figure class=\"fg-item-inner\"><a href=\"https:\/\/antonius-chor-wettingen.ch\/wp-content\/uploads\/2025\/10\/2025-Chorreise-Alba-Piemont-32-scaled.jpg\" data-attachment-id=\"2535\" data-type=\"image\" class=\"fg-thumb\"><span class=\"fg-image-wrap\"><img src=\"https:\/\/antonius-chor-wettingen.ch\/wp-content\/uploads\/cache\/2025\/10\/2025-Chorreise-Alba-Piemont-32-scaled\/1450059655.jpg\" width=\"270\" height=\"230\" class=\"skip-lazy fg-image\" decoding=\"async\" loading=\"lazy\"><\/span><span class=\"fg-image-overlay\"><\/span><\/a><\/figure><div class=\"fg-loader\"><\/div><\/div><div class=\"fg-item fg-type-image fg-loading\"><figure class=\"fg-item-inner\"><a href=\"https:\/\/antonius-chor-wettingen.ch\/wp-content\/uploads\/2025\/10\/2025-Chorreise-Alba-Piemont-33-scaled.jpg\" data-attachment-id=\"2536\" data-type=\"image\" class=\"fg-thumb\"><span class=\"fg-image-wrap\"><img src=\"https:\/\/antonius-chor-wettingen.ch\/wp-content\/uploads\/cache\/2025\/10\/2025-Chorreise-Alba-Piemont-33-scaled\/1545098766.jpg\" width=\"270\" height=\"230\" class=\"skip-lazy fg-image\" decoding=\"async\" loading=\"lazy\"><\/span><span class=\"fg-image-overlay\"><\/span><\/a><\/figure><div class=\"fg-loader\"><\/div><\/div><div class=\"fg-item fg-type-image fg-loading\"><figure class=\"fg-item-inner\"><a href=\"https:\/\/antonius-chor-wettingen.ch\/wp-content\/uploads\/2025\/10\/2025-Chorreise-Alba-Piemont-34-scaled.jpg\" data-attachment-id=\"2537\" data-type=\"image\" class=\"fg-thumb\"><span class=\"fg-image-wrap\"><img src=\"https:\/\/antonius-chor-wettingen.ch\/wp-content\/uploads\/cache\/2025\/10\/2025-Chorreise-Alba-Piemont-34-scaled\/2845688011.jpg\" width=\"270\" height=\"230\" class=\"skip-lazy fg-image\" decoding=\"async\" loading=\"lazy\"><\/span><span class=\"fg-image-overlay\"><\/span><\/a><\/figure><div class=\"fg-loader\"><\/div><\/div><div class=\"fg-item fg-type-image fg-loading\"><figure class=\"fg-item-inner\"><a href=\"https:\/\/antonius-chor-wettingen.ch\/wp-content\/uploads\/2025\/10\/2025-Chorreise-Alba-Piemont-35-scaled.jpg\" data-attachment-id=\"2538\" data-type=\"image\" class=\"fg-thumb\"><span class=\"fg-image-wrap\"><img src=\"https:\/\/antonius-chor-wettingen.ch\/wp-content\/uploads\/cache\/2025\/10\/2025-Chorreise-Alba-Piemont-35-scaled\/5116421.jpg\" width=\"270\" height=\"230\" class=\"skip-lazy fg-image\" decoding=\"async\" loading=\"lazy\"><\/span><span class=\"fg-image-overlay\"><\/span><\/a><\/figure><div class=\"fg-loader\"><\/div><\/div><div class=\"fg-item fg-type-image fg-loading\"><figure class=\"fg-item-inner\"><a href=\"https:\/\/antonius-chor-wettingen.ch\/wp-content\/uploads\/2025\/10\/2025-Chorreise-Alba-Piemont-36-scaled.jpg\" data-attachment-id=\"2539\" data-type=\"image\" class=\"fg-thumb\"><span class=\"fg-image-wrap\"><img src=\"https:\/\/antonius-chor-wettingen.ch\/wp-content\/uploads\/cache\/2025\/10\/2025-Chorreise-Alba-Piemont-36-scaled\/2142757283.jpg\" width=\"270\" height=\"230\" class=\"skip-lazy fg-image\" decoding=\"async\" loading=\"lazy\"><\/span><span class=\"fg-image-overlay\"><\/span><\/a><\/figure><div class=\"fg-loader\"><\/div><\/div><div class=\"fg-item fg-type-image fg-loading\"><figure class=\"fg-item-inner\"><a href=\"https:\/\/antonius-chor-wettingen.ch\/wp-content\/uploads\/2025\/10\/2025-Chorreise-Alba-Piemont-37-scaled.jpg\" data-attachment-id=\"2540\" data-type=\"image\" class=\"fg-thumb\"><span class=\"fg-image-wrap\"><img src=\"https:\/\/antonius-chor-wettingen.ch\/wp-content\/uploads\/cache\/2025\/10\/2025-Chorreise-Alba-Piemont-37-scaled\/134320890.jpg\" width=\"270\" height=\"230\" class=\"skip-lazy fg-image\" decoding=\"async\" loading=\"lazy\"><\/span><span class=\"fg-image-overlay\"><\/span><\/a><\/figure><div class=\"fg-loader\"><\/div><\/div><div class=\"fg-item fg-type-image fg-loading\"><figure class=\"fg-item-inner\"><a href=\"https:\/\/antonius-chor-wettingen.ch\/wp-content\/uploads\/2025\/10\/2025-Chorreise-Alba-Piemont-38-scaled.jpg\" data-attachment-id=\"2541\" data-type=\"image\" class=\"fg-thumb\"><span class=\"fg-image-wrap\"><img src=\"https:\/\/antonius-chor-wettingen.ch\/wp-content\/uploads\/cache\/2025\/10\/2025-Chorreise-Alba-Piemont-38-scaled\/839764152.jpg\" width=\"270\" height=\"230\" class=\"skip-lazy fg-image\" decoding=\"async\" loading=\"lazy\"><\/span><span class=\"fg-image-overlay\"><\/span><\/a><\/figure><div class=\"fg-loader\"><\/div><\/div><div class=\"fg-item fg-type-image fg-loading\"><figure class=\"fg-item-inner\"><a href=\"https:\/\/antonius-chor-wettingen.ch\/wp-content\/uploads\/2025\/10\/2025-Chorreise-Alba-Piemont-39-scaled.jpg\" data-attachment-id=\"2542\" data-type=\"image\" class=\"fg-thumb\"><span class=\"fg-image-wrap\"><img src=\"https:\/\/antonius-chor-wettingen.ch\/wp-content\/uploads\/cache\/2025\/10\/2025-Chorreise-Alba-Piemont-39-scaled\/947632433.jpg\" width=\"270\" height=\"230\" class=\"skip-lazy fg-image\" decoding=\"async\" loading=\"lazy\"><\/span><span class=\"fg-image-overlay\"><\/span><\/a><\/figure><div class=\"fg-loader\"><\/div><\/div><div class=\"fg-item fg-type-image fg-loading\"><figure class=\"fg-item-inner\"><a href=\"https:\/\/antonius-chor-wettingen.ch\/wp-content\/uploads\/2025\/10\/2025-Chorreise-Alba-Piemont-40-scaled.jpg\" data-attachment-id=\"2543\" data-type=\"image\" class=\"fg-thumb\"><span class=\"fg-image-wrap\"><img src=\"https:\/\/antonius-chor-wettingen.ch\/wp-content\/uploads\/cache\/2025\/10\/2025-Chorreise-Alba-Piemont-40-scaled\/3715420148.jpg\" width=\"270\" height=\"230\" class=\"skip-lazy fg-image\" decoding=\"async\" loading=\"lazy\"><\/span><span class=\"fg-image-overlay\"><\/span><\/a><\/figure><div class=\"fg-loader\"><\/div><\/div><div class=\"fg-item fg-type-image fg-loading\"><figure class=\"fg-item-inner\"><a href=\"https:\/\/antonius-chor-wettingen.ch\/wp-content\/uploads\/2025\/10\/2025-Chorreise-Alba-Piemont-41-scaled.jpg\" data-attachment-id=\"2544\" data-type=\"image\" class=\"fg-thumb\"><span class=\"fg-image-wrap\"><img src=\"https:\/\/antonius-chor-wettingen.ch\/wp-content\/uploads\/cache\/2025\/10\/2025-Chorreise-Alba-Piemont-41-scaled\/3059867456.jpg\" width=\"270\" height=\"230\" class=\"skip-lazy fg-image\" decoding=\"async\" loading=\"lazy\"><\/span><span class=\"fg-image-overlay\"><\/span><\/a><\/figure><div class=\"fg-loader\"><\/div><\/div><div class=\"fg-item fg-type-image fg-loading\"><figure class=\"fg-item-inner\"><a href=\"https:\/\/antonius-chor-wettingen.ch\/wp-content\/uploads\/2025\/10\/2025-Chorreise-Alba-Piemont-42-scaled.jpg\" data-attachment-id=\"2545\" data-type=\"image\" class=\"fg-thumb\"><span class=\"fg-image-wrap\"><img src=\"https:\/\/antonius-chor-wettingen.ch\/wp-content\/uploads\/cache\/2025\/10\/2025-Chorreise-Alba-Piemont-42-scaled\/3382193382.jpg\" width=\"270\" height=\"230\" class=\"skip-lazy fg-image\" decoding=\"async\" loading=\"lazy\"><\/span><span class=\"fg-image-overlay\"><\/span><\/a><\/figure><div class=\"fg-loader\"><\/div><\/div><div class=\"fg-item fg-type-image fg-loading\"><figure class=\"fg-item-inner\"><a href=\"https:\/\/antonius-chor-wettingen.ch\/wp-content\/uploads\/2025\/10\/2025-Chorreise-Alba-Piemont-43.jpg\" data-attachment-id=\"2546\" data-type=\"image\" class=\"fg-thumb\"><span class=\"fg-image-wrap\"><img src=\"https:\/\/antonius-chor-wettingen.ch\/wp-content\/uploads\/cache\/2025\/10\/2025-Chorreise-Alba-Piemont-43\/1304186354.jpg\" width=\"270\" height=\"230\" class=\"skip-lazy fg-image\" decoding=\"async\" loading=\"lazy\"><\/span><span class=\"fg-image-overlay\"><\/span><\/a><\/figure><div class=\"fg-loader\"><\/div><\/div><div class=\"fg-item fg-type-image fg-loading\"><figure class=\"fg-item-inner\"><a href=\"https:\/\/antonius-chor-wettingen.ch\/wp-content\/uploads\/2025\/10\/2025-Chorreise-Alba-Piemont-44.jpg\" data-attachment-id=\"2547\" data-type=\"image\" class=\"fg-thumb\"><span class=\"fg-image-wrap\"><img src=\"https:\/\/antonius-chor-wettingen.ch\/wp-content\/uploads\/cache\/2025\/10\/2025-Chorreise-Alba-Piemont-44\/2878081611.jpg\" width=\"270\" height=\"230\" class=\"skip-lazy fg-image\" decoding=\"async\" loading=\"lazy\"><\/span><span class=\"fg-image-overlay\"><\/span><\/a><\/figure><div class=\"fg-loader\"><\/div><\/div><div class=\"fg-item fg-type-image fg-loading\"><figure class=\"fg-item-inner\"><a href=\"https:\/\/antonius-chor-wettingen.ch\/wp-content\/uploads\/2025\/10\/2025-Chorreise-Alba-Piemont-45-scaled.jpg\" data-attachment-id=\"2548\" data-type=\"image\" class=\"fg-thumb\"><span class=\"fg-image-wrap\"><img src=\"https:\/\/antonius-chor-wettingen.ch\/wp-content\/uploads\/cache\/2025\/10\/2025-Chorreise-Alba-Piemont-45-scaled\/2679642468.jpg\" width=\"270\" height=\"230\" class=\"skip-lazy fg-image\" decoding=\"async\" loading=\"lazy\"><\/span><span class=\"fg-image-overlay\"><\/span><\/a><\/figure><div class=\"fg-loader\"><\/div><\/div><div class=\"fg-item fg-type-image fg-loading\"><figure class=\"fg-item-inner\"><a href=\"https:\/\/antonius-chor-wettingen.ch\/wp-content\/uploads\/2025\/10\/2025-Chorreise-Alba-Piemont-46-scaled.jpg\" data-attachment-id=\"2549\" data-type=\"image\" class=\"fg-thumb\"><span class=\"fg-image-wrap\"><img src=\"https:\/\/antonius-chor-wettingen.ch\/wp-content\/uploads\/cache\/2025\/10\/2025-Chorreise-Alba-Piemont-46-scaled\/3762416322.jpg\" width=\"270\" height=\"230\" class=\"skip-lazy fg-image\" decoding=\"async\" loading=\"lazy\"><\/span><span class=\"fg-image-overlay\"><\/span><\/a><\/figure><div class=\"fg-loader\"><\/div><\/div><div class=\"fg-item fg-type-image fg-loading\"><figure class=\"fg-item-inner\"><a href=\"https:\/\/antonius-chor-wettingen.ch\/wp-content\/uploads\/2025\/10\/Chor-noch-aufladen.jpg\" data-attachment-id=\"2570\" data-type=\"image\" class=\"fg-thumb\"><span class=\"fg-image-wrap\"><img src=\"https:\/\/antonius-chor-wettingen.ch\/wp-content\/uploads\/cache\/2025\/10\/Chor-noch-aufladen\/1394451518.jpg\" width=\"270\" height=\"230\" class=\"skip-lazy fg-image\" decoding=\"async\" loading=\"lazy\"><\/span><span class=\"fg-image-overlay\"><\/span><\/a><\/figure><div class=\"fg-loader\"><\/div><\/div><div class=\"fg-item fg-type-image fg-loading\"><figure class=\"fg-item-inner\"><a href=\"https:\/\/antonius-chor-wettingen.ch\/wp-content\/uploads\/2025\/10\/2025-Chorreise-Alba-Piemont-47.jpg\" data-attachment-id=\"2550\" data-type=\"image\" class=\"fg-thumb\"><span class=\"fg-image-wrap\"><img src=\"https:\/\/antonius-chor-wettingen.ch\/wp-content\/uploads\/cache\/2025\/10\/2025-Chorreise-Alba-Piemont-47\/408991917.jpg\" width=\"270\" height=\"230\" class=\"skip-lazy fg-image\" decoding=\"async\" loading=\"lazy\"><\/span><span class=\"fg-image-overlay\"><\/span><\/a><\/figure><div class=\"fg-loader\"><\/div><\/div><div class=\"fg-item fg-type-image fg-loading\"><figure class=\"fg-item-inner\"><a href=\"https:\/\/antonius-chor-wettingen.ch\/wp-content\/uploads\/2025\/10\/2025-Chorreise-Alba-Piemont-48.jpg\" data-attachment-id=\"2551\" data-type=\"image\" class=\"fg-thumb\"><span class=\"fg-image-wrap\"><img src=\"https:\/\/antonius-chor-wettingen.ch\/wp-content\/uploads\/cache\/2025\/10\/2025-Chorreise-Alba-Piemont-48\/766895265.jpg\" width=\"270\" height=\"230\" class=\"skip-lazy fg-image\" decoding=\"async\" loading=\"lazy\"><\/span><span class=\"fg-image-overlay\"><\/span><\/a><\/figure><div class=\"fg-loader\"><\/div><\/div><div class=\"fg-item fg-type-image fg-loading\"><figure class=\"fg-item-inner\"><a href=\"https:\/\/antonius-chor-wettingen.ch\/wp-content\/uploads\/2025\/10\/2025-Chorreise-Alba-Piemont-49.jpg\" data-attachment-id=\"2552\" data-type=\"image\" class=\"fg-thumb\"><span class=\"fg-image-wrap\"><img src=\"https:\/\/antonius-chor-wettingen.ch\/wp-content\/uploads\/cache\/2025\/10\/2025-Chorreise-Alba-Piemont-49\/259076510.jpg\" width=\"270\" height=\"230\" class=\"skip-lazy fg-image\" decoding=\"async\" loading=\"lazy\"><\/span><span class=\"fg-image-overlay\"><\/span><\/a><\/figure><div class=\"fg-loader\"><\/div><\/div><div class=\"fg-item fg-type-image fg-loading\"><figure class=\"fg-item-inner\"><a href=\"https:\/\/antonius-chor-wettingen.ch\/wp-content\/uploads\/2025\/10\/2025-Chorreise-Alba-Piemont-50-scaled.jpg\" data-attachment-id=\"2553\" data-type=\"image\" class=\"fg-thumb\"><span class=\"fg-image-wrap\"><img src=\"https:\/\/antonius-chor-wettingen.ch\/wp-content\/uploads\/cache\/2025\/10\/2025-Chorreise-Alba-Piemont-50-scaled\/1696470457.jpg\" width=\"270\" height=\"230\" class=\"skip-lazy fg-image\" decoding=\"async\" loading=\"lazy\"><\/span><span class=\"fg-image-overlay\"><\/span><\/a><\/figure><div class=\"fg-loader\"><\/div><\/div><div class=\"fg-item fg-type-image fg-loading\"><figure class=\"fg-item-inner\"><a href=\"https:\/\/antonius-chor-wettingen.ch\/wp-content\/uploads\/2025\/10\/2025-Chorreise-Alba-Piemont-51-scaled.jpg\" data-attachment-id=\"2554\" data-type=\"image\" class=\"fg-thumb\"><span class=\"fg-image-wrap\"><img src=\"https:\/\/antonius-chor-wettingen.ch\/wp-content\/uploads\/cache\/2025\/10\/2025-Chorreise-Alba-Piemont-51-scaled\/235603213.jpg\" width=\"270\" height=\"230\" class=\"skip-lazy fg-image\" decoding=\"async\" loading=\"lazy\"><\/span><span class=\"fg-image-overlay\"><\/span><\/a><\/figure><div class=\"fg-loader\"><\/div><\/div><\/div>\n\n\n\n\n<p class=\"wp-block-paragraph\">Portraits<\/p>\n\n\n<style type=\"text\/css\">\n#foogallery-gallery-2577 .fg-image { width: 270px; }\n#foogallery-gallery-2577 { --fg-gutter: 10px; }<\/style>\n\t\t\t<div class=\"foogallery foogallery-container foogallery-default foogallery-lightbox-foogallery fg-center fg-default fg-ready fg-light fg-shadow-medium fg-loading-default fg-loaded-fade-in fg-preset fg-brad fg-preset-small fg-preset fg-brad fg-preset-small\" id=\"foogallery-gallery-2577\" data-foogallery=\"{&quot;item&quot;:{&quot;showCaptionTitle&quot;:true,&quot;showCaptionDescription&quot;:true},&quot;lazy&quot;:true,&quot;src&quot;:&quot;src&quot;,&quot;srcset&quot;:&quot;srcset&quot;}\" data-foogallery-lightbox=\"{&quot;thumbs&quot;:&quot;bottom&quot;,&quot;thumbsCaptions&quot;:false,&quot;thumbsBestFit&quot;:false,&quot;thumbsSmall&quot;:false,&quot;thumbsCaptionsAlign&quot;:&quot;default&quot;,&quot;info&quot;:&quot;bottom&quot;,&quot;infoVisible&quot;:true,&quot;infoOverlay&quot;:true,&quot;infoAlign&quot;:&quot;default&quot;,&quot;transition&quot;:&quot;fade&quot;,&quot;hoverButtons&quot;:false,&quot;fitMedia&quot;:false,&quot;noScrollbars&quot;:true,&quot;preserveButtonSpace&quot;:true,&quot;buttons&quot;:{&quot;fullscreen&quot;:true,&quot;info&quot;:true,&quot;thumbs&quot;:false},&quot;video&quot;:{&quot;autoPlay&quot;:true}}\" style=\"--fg-title-line-clamp: 0; --fg-description-line-clamp: 0;\" >\n\t<div class=\"fg-item fg-type-image fg-loading\"><figure class=\"fg-item-inner\"><a href=\"https:\/\/antonius-chor-wettingen.ch\/wp-content\/uploads\/2025\/11\/IMG-20251014-WA0011.jpg\" data-attachment-id=\"2578\" data-type=\"image\" class=\"fg-thumb\"><span class=\"fg-image-wrap\"><img src=\"https:\/\/antonius-chor-wettingen.ch\/wp-content\/uploads\/cache\/2025\/11\/IMG-20251014-WA0011\/268480867.jpg\" width=\"270\" height=\"230\" class=\"skip-lazy fg-image\" decoding=\"async\" loading=\"lazy\"><\/span><span class=\"fg-image-overlay\"><\/span><\/a><\/figure><div class=\"fg-loader\"><\/div><\/div><div class=\"fg-item fg-type-image fg-loading\"><figure class=\"fg-item-inner\"><a href=\"https:\/\/antonius-chor-wettingen.ch\/wp-content\/uploads\/2025\/11\/IMG-20251014-WA0015.jpg\" data-attachment-id=\"2579\" data-type=\"image\" class=\"fg-thumb\"><span class=\"fg-image-wrap\"><img src=\"https:\/\/antonius-chor-wettingen.ch\/wp-content\/uploads\/cache\/2025\/11\/IMG-20251014-WA0015\/4234240726.jpg\" width=\"270\" height=\"230\" class=\"skip-lazy fg-image\" decoding=\"async\" loading=\"lazy\"><\/span><span class=\"fg-image-overlay\"><\/span><\/a><\/figure><div class=\"fg-loader\"><\/div><\/div><div class=\"fg-item fg-type-image fg-loading\"><figure class=\"fg-item-inner\"><a href=\"https:\/\/antonius-chor-wettingen.ch\/wp-content\/uploads\/2025\/11\/IMG-20251014-WA0006.jpg\" data-attachment-id=\"2580\" data-type=\"image\" class=\"fg-thumb\"><span class=\"fg-image-wrap\"><img src=\"https:\/\/antonius-chor-wettingen.ch\/wp-content\/uploads\/cache\/2025\/11\/IMG-20251014-WA0006\/2017370352.jpg\" width=\"270\" height=\"230\" class=\"skip-lazy fg-image\" decoding=\"async\" loading=\"lazy\"><\/span><span class=\"fg-image-overlay\"><\/span><\/a><\/figure><div class=\"fg-loader\"><\/div><\/div><div class=\"fg-item fg-type-image fg-loading\"><figure class=\"fg-item-inner\"><a href=\"https:\/\/antonius-chor-wettingen.ch\/wp-content\/uploads\/2025\/11\/IMG-20251014-WA0007.jpg\" data-attachment-id=\"2581\" data-type=\"image\" class=\"fg-thumb\"><span class=\"fg-image-wrap\"><img src=\"https:\/\/antonius-chor-wettingen.ch\/wp-content\/uploads\/cache\/2025\/11\/IMG-20251014-WA0007\/3703536929.jpg\" width=\"270\" height=\"230\" class=\"skip-lazy fg-image\" decoding=\"async\" loading=\"lazy\"><\/span><span class=\"fg-image-overlay\"><\/span><\/a><\/figure><div class=\"fg-loader\"><\/div><\/div><div class=\"fg-item fg-type-image fg-loading\"><figure class=\"fg-item-inner\"><a href=\"https:\/\/antonius-chor-wettingen.ch\/wp-content\/uploads\/2025\/11\/IMG-20251014-WA0010.jpg\" data-attachment-id=\"2582\" data-type=\"image\" class=\"fg-thumb\"><span class=\"fg-image-wrap\"><img src=\"https:\/\/antonius-chor-wettingen.ch\/wp-content\/uploads\/cache\/2025\/11\/IMG-20251014-WA0010\/2038237098.jpg\" width=\"270\" height=\"230\" class=\"skip-lazy fg-image\" decoding=\"async\" loading=\"lazy\"><\/span><span class=\"fg-image-overlay\"><\/span><\/a><\/figure><div class=\"fg-loader\"><\/div><\/div><div class=\"fg-item fg-type-image fg-loading\"><figure class=\"fg-item-inner\"><a href=\"https:\/\/antonius-chor-wettingen.ch\/wp-content\/uploads\/2025\/11\/IMG-20251014-WA0014.jpg\" data-attachment-id=\"2584\" data-type=\"image\" class=\"fg-thumb\"><span class=\"fg-image-wrap\"><img src=\"https:\/\/antonius-chor-wettingen.ch\/wp-content\/uploads\/cache\/2025\/11\/IMG-20251014-WA0014\/1455341747.jpg\" width=\"270\" height=\"230\" class=\"skip-lazy fg-image\" decoding=\"async\" loading=\"lazy\"><\/span><span class=\"fg-image-overlay\"><\/span><\/a><\/figure><div class=\"fg-loader\"><\/div><\/div><div class=\"fg-item fg-type-image fg-loading\"><figure class=\"fg-item-inner\"><a href=\"https:\/\/antonius-chor-wettingen.ch\/wp-content\/uploads\/2025\/11\/IMG-20251014-WA0017.jpg\" data-attachment-id=\"2585\" data-type=\"image\" class=\"fg-thumb\"><span class=\"fg-image-wrap\"><img src=\"https:\/\/antonius-chor-wettingen.ch\/wp-content\/uploads\/cache\/2025\/11\/IMG-20251014-WA0017\/2954500639.jpg\" width=\"270\" height=\"230\" class=\"skip-lazy fg-image\" decoding=\"async\" loading=\"lazy\"><\/span><span class=\"fg-image-overlay\"><\/span><\/a><\/figure><div class=\"fg-loader\"><\/div><\/div><div class=\"fg-item fg-type-image fg-loading\"><figure class=\"fg-item-inner\"><a href=\"https:\/\/antonius-chor-wettingen.ch\/wp-content\/uploads\/2025\/11\/IMG-20251014-WA0004.jpg\" data-attachment-id=\"2586\" data-type=\"image\" class=\"fg-thumb\"><span class=\"fg-image-wrap\"><img src=\"https:\/\/antonius-chor-wettingen.ch\/wp-content\/uploads\/cache\/2025\/11\/IMG-20251014-WA0004\/2442292846.jpg\" width=\"270\" height=\"230\" class=\"skip-lazy fg-image\" decoding=\"async\" loading=\"lazy\"><\/span><span class=\"fg-image-overlay\"><\/span><\/a><\/figure><div class=\"fg-loader\"><\/div><\/div><div class=\"fg-item fg-type-image fg-loading\"><figure class=\"fg-item-inner\"><a href=\"https:\/\/antonius-chor-wettingen.ch\/wp-content\/uploads\/2025\/11\/IMG-20251014-WA0012.jpg\" data-attachment-id=\"2587\" data-type=\"image\" class=\"fg-thumb\"><span class=\"fg-image-wrap\"><img src=\"https:\/\/antonius-chor-wettingen.ch\/wp-content\/uploads\/cache\/2025\/11\/IMG-20251014-WA0012\/682471141.jpg\" width=\"270\" height=\"230\" class=\"skip-lazy fg-image\" decoding=\"async\" loading=\"lazy\"><\/span><span class=\"fg-image-overlay\"><\/span><\/a><\/figure><div class=\"fg-loader\"><\/div><\/div><div class=\"fg-item fg-type-image fg-loading\"><figure class=\"fg-item-inner\"><a href=\"https:\/\/antonius-chor-wettingen.ch\/wp-content\/uploads\/2025\/11\/IMG-20251014-WA0016.jpg\" data-attachment-id=\"2588\" data-type=\"image\" class=\"fg-thumb\"><span class=\"fg-image-wrap\"><img src=\"https:\/\/antonius-chor-wettingen.ch\/wp-content\/uploads\/cache\/2025\/11\/IMG-20251014-WA0016\/2566476361.jpg\" width=\"270\" height=\"230\" class=\"skip-lazy fg-image\" decoding=\"async\" loading=\"lazy\"><\/span><span class=\"fg-image-overlay\"><\/span><\/a><\/figure><div class=\"fg-loader\"><\/div><\/div><div class=\"fg-item fg-type-image fg-loading\"><figure class=\"fg-item-inner\"><a href=\"https:\/\/antonius-chor-wettingen.ch\/wp-content\/uploads\/2025\/11\/IMG-20251014-WA0005.jpg\" data-attachment-id=\"2589\" data-type=\"image\" class=\"fg-thumb\"><span class=\"fg-image-wrap\"><img src=\"https:\/\/antonius-chor-wettingen.ch\/wp-content\/uploads\/cache\/2025\/11\/IMG-20251014-WA0005\/1764138150.jpg\" width=\"270\" height=\"230\" class=\"skip-lazy fg-image\" decoding=\"async\" loading=\"lazy\"><\/span><span class=\"fg-image-overlay\"><\/span><\/a><\/figure><div class=\"fg-loader\"><\/div><\/div><div class=\"fg-item fg-type-image fg-loading\"><figure class=\"fg-item-inner\"><a href=\"https:\/\/antonius-chor-wettingen.ch\/wp-content\/uploads\/2025\/11\/IMG-20251014-WA0008.jpg\" data-attachment-id=\"2590\" data-type=\"image\" class=\"fg-thumb\"><span class=\"fg-image-wrap\"><img src=\"https:\/\/antonius-chor-wettingen.ch\/wp-content\/uploads\/cache\/2025\/11\/IMG-20251014-WA0008\/2344600862.jpg\" width=\"270\" height=\"230\" class=\"skip-lazy fg-image\" decoding=\"async\" loading=\"lazy\"><\/span><span class=\"fg-image-overlay\"><\/span><\/a><\/figure><div class=\"fg-loader\"><\/div><\/div><div class=\"fg-item fg-type-image fg-loading\"><figure class=\"fg-item-inner\"><a href=\"https:\/\/antonius-chor-wettingen.ch\/wp-content\/uploads\/2025\/11\/20251012_090719-scaled.jpg\" data-attachment-id=\"2596\" data-type=\"image\" class=\"fg-thumb\"><span class=\"fg-image-wrap\"><img src=\"https:\/\/antonius-chor-wettingen.ch\/wp-content\/uploads\/cache\/2025\/11\/20251012_090719-scaled\/3506237782.jpg\" width=\"270\" height=\"230\" class=\"skip-lazy fg-image\" decoding=\"async\" loading=\"lazy\"><\/span><span class=\"fg-image-overlay\"><\/span><\/a><\/figure><div class=\"fg-loader\"><\/div><\/div><\/div>\n","protected":false},"excerpt":{"rendered":"<p>Chorreise Alba 10.-12.10.2025 Auf unserer Car Reise ins h\u00fcgelige Piemont, bei sp\u00e4tsommerlich angenehmen Temperaturen und mit Zwischenhalten in Asti und Barolo, besuchten wir das kleine, aber feine Alba. Neben der sehenswerten Altstadt, bot sich dort auch ein Besuch des historischen Tr\u00fcffelmarktes an. Der ausf\u00fchrliche und mit einem Augenzwinkern verfasste Bericht \u00fcber diese sch\u00f6nen und erlebnisreichen &#8230; <a title=\"2025 Fotos Chorreise nach Alba \u2013 Piemont\" class=\"read-more\" href=\"https:\/\/antonius-chor-wettingen.ch\/index.php\/2025-fotos-chorreise-nach-alba-piemont\/\">Weiterlesen <span class=\"screen-reader-text\">2025 Fotos Chorreise nach Alba \u2013 Piemont<\/span><\/a><\/p>\n","protected":false},"author":1,"featured_media":0,"parent":0,"menu_order":0,"comment_status":"closed","ping_status":"closed","template":"","meta":{"_acf_changed":false,"footnotes":""},"class_list":["post-2562","page","type-page","status-publish"],"acf":[],"jetpack_sharing_enabled":true,"_links":{"self":[{"href":"https:\/\/antonius-chor-wettingen.ch\/index.php\/wp-json\/wp\/v2\/pages\/2562","targetHints":{"allow":["GET"]}}],"collection":[{"href":"https:\/\/antonius-chor-wettingen.ch\/index.php\/wp-json\/wp\/v2\/pages"}],"about":[{"href":"https:\/\/antonius-chor-wettingen.ch\/index.php\/wp-json\/wp\/v2\/types\/page"}],"author":[{"embeddable":true,"href":"https:\/\/antonius-chor-wettingen.ch\/index.php\/wp-json\/wp\/v2\/users\/1"}],"replies":[{"embeddable":true,"href":"https:\/\/antonius-chor-wettingen.ch\/index.php\/wp-json\/wp\/v2\/comments?post=2562"}],"version-history":[{"count":6,"href":"https:\/\/antonius-chor-wettingen.ch\/index.php\/wp-json\/wp\/v2\/pages\/2562\/revisions"}],"predecessor-version":[{"id":2593,"href":"https:\/\/antonius-chor-wettingen.ch\/index.php\/wp-json\/wp\/v2\/pages\/2562\/revisions\/2593"}],"wp:attachment":[{"href":"https:\/\/antonius-chor-wettingen.ch\/index.php\/wp-json\/wp\/v2\/media?parent=2562"}],"curies":[{"name":"wp","href":"https:\/\/api.w.org\/{rel}","templated":true}]}}