{"id":2662,"date":"2026-03-14T15:36:22","date_gmt":"2026-03-14T15:36:22","guid":{"rendered":"https:\/\/antonius-chor-wettingen.ch\/?page_id=2662"},"modified":"2026-03-14T15:36:23","modified_gmt":"2026-03-14T15:36:23","slug":"2026-chorabend","status":"publish","type":"page","link":"https:\/\/antonius-chor-wettingen.ch\/index.php\/2026-chorabend\/","title":{"rendered":"2026 Chorabend"},"content":{"rendered":"\n<p class=\"wp-block-paragraph\">Fr\u00f6hlich ging es zu beim Chorabend des Antonius-Chors. Nach dem gemeinsam gestalteten Gottesdienst wurde im Pfarrsaal gefeiert, wo ein abwechslungsreiches Programm dargeboten wurde.<\/p>\n\n\n\n<p class=\"wp-block-paragraph\">Vren Holenstein, Inge Luongo und Peter M\u00fcller verzauberten das Publikum mit einem Reigen aus Operetten-Melodien. Pr\u00e4sident Walti W\u00fcrsch lobte die Erfolge des Chors und dankte vor allem Chorleiterin Margit Klusch. Alle Beitr\u00e4ge waren eingebettet in ein vorz\u00fcgliches Menu vom Team um Gregor Briner.<\/p>\n\n\n\n<p class=\"wp-block-paragraph\">Grosse Freude brachte die Ehrung langj\u00e4hriger Mitglieder: Walti W\u00fcrsch (40 Jahre, davon 25 Jahre Pr\u00e4sident), Emilia Baldi (40 Jahre) und Ingrid Hassler (40 Jahre). Lobend erw\u00e4hnt wurden auch Elsbeth und Hugo Jost, die zusammen bereits \u00fcber 130 Jahre mitsingen!<\/p>\n\n\n\n<p class=\"wp-block-paragraph\">So viel Sch\u00f6nes auf einmal kann nur Motivation sein f\u00fcr ein erfolgreiches Jahr 2026!<\/p>\n\n\n\n<p class=\"wp-block-paragraph\">Marcel Chopard<\/p>\n\n\n<style type=\"text\/css\">\n#foogallery-gallery-2629 .fg-image { width: 270px; }\n#foogallery-gallery-2629 { --fg-gutter: 10px; }<\/style>\n\t\t\t<div class=\"foogallery foogallery-container foogallery-default foogallery-lightbox-foogallery fg-center fg-default fg-ready fg-light fg-shadow-medium fg-loading-default fg-loaded-fade-in fg-preset fg-brad fg-preset-small fg-preset fg-brad fg-preset-small\" id=\"foogallery-gallery-2629\" data-foogallery=\"{&quot;item&quot;:{&quot;showCaptionTitle&quot;:true,&quot;showCaptionDescription&quot;:true},&quot;lazy&quot;:true,&quot;src&quot;:&quot;src&quot;,&quot;srcset&quot;:&quot;srcset&quot;}\" data-foogallery-lightbox=\"{&quot;thumbs&quot;:&quot;bottom&quot;,&quot;thumbsCaptions&quot;:false,&quot;thumbsBestFit&quot;:false,&quot;thumbsSmall&quot;:false,&quot;thumbsCaptionsAlign&quot;:&quot;default&quot;,&quot;info&quot;:&quot;bottom&quot;,&quot;infoVisible&quot;:true,&quot;infoOverlay&quot;:true,&quot;infoAlign&quot;:&quot;default&quot;,&quot;transition&quot;:&quot;fade&quot;,&quot;hoverButtons&quot;:false,&quot;fitMedia&quot;:false,&quot;noScrollbars&quot;:true,&quot;preserveButtonSpace&quot;:true,&quot;buttons&quot;:{&quot;fullscreen&quot;:true,&quot;info&quot;:true,&quot;thumbs&quot;:false},&quot;video&quot;:{&quot;autoPlay&quot;:true}}\" style=\"--fg-title-line-clamp: 1; --fg-description-line-clamp: 2;\" >\n\t<div class=\"fg-item fg-type-image fg-loading\"><figure class=\"fg-item-inner\"><a href=\"https:\/\/antonius-chor-wettingen.ch\/wp-content\/uploads\/2026\/03\/2026-Chorabend-Antonius-Chor-1-scaled.jpg\" data-attachment-id=\"2630\" data-type=\"image\" class=\"fg-thumb\"><span class=\"fg-image-wrap\"><img src=\"https:\/\/antonius-chor-wettingen.ch\/wp-content\/uploads\/cache\/2026\/03\/2026-Chorabend-Antonius-Chor-1-scaled\/397672549.jpg\" width=\"270\" height=\"230\" class=\"skip-lazy fg-image\" decoding=\"async\" loading=\"lazy\"><\/span><span class=\"fg-image-overlay\"><\/span><\/a><\/figure><div class=\"fg-loader\"><\/div><\/div><div class=\"fg-item fg-type-image fg-loading\"><figure class=\"fg-item-inner\"><a href=\"https:\/\/antonius-chor-wettingen.ch\/wp-content\/uploads\/2026\/03\/2026-Chorabend-Antonius-Chor-2-scaled.jpg\" data-attachment-id=\"2631\" data-type=\"image\" class=\"fg-thumb\"><span class=\"fg-image-wrap\"><img src=\"https:\/\/antonius-chor-wettingen.ch\/wp-content\/uploads\/cache\/2026\/03\/2026-Chorabend-Antonius-Chor-2-scaled\/1749939139.jpg\" width=\"270\" height=\"230\" class=\"skip-lazy fg-image\" decoding=\"async\" loading=\"lazy\"><\/span><span class=\"fg-image-overlay\"><\/span><\/a><\/figure><div class=\"fg-loader\"><\/div><\/div><div class=\"fg-item fg-type-image fg-loading\"><figure class=\"fg-item-inner\"><a href=\"https:\/\/antonius-chor-wettingen.ch\/wp-content\/uploads\/2026\/03\/2026-Chorabend-Antonius-Chor-3-scaled.jpg\" data-attachment-id=\"2632\" data-type=\"image\" class=\"fg-thumb\"><span class=\"fg-image-wrap\"><img src=\"https:\/\/antonius-chor-wettingen.ch\/wp-content\/uploads\/cache\/2026\/03\/2026-Chorabend-Antonius-Chor-3-scaled\/1648067146.jpg\" width=\"270\" height=\"230\" class=\"skip-lazy fg-image\" decoding=\"async\" loading=\"lazy\"><\/span><span class=\"fg-image-overlay\"><\/span><\/a><\/figure><div class=\"fg-loader\"><\/div><\/div><div class=\"fg-item fg-type-image fg-loading\"><figure class=\"fg-item-inner\"><a href=\"https:\/\/antonius-chor-wettingen.ch\/wp-content\/uploads\/2026\/03\/2026-Chorabend-Antonius-Chor-4-scaled.jpg\" data-attachment-id=\"2633\" data-type=\"image\" class=\"fg-thumb\"><span class=\"fg-image-wrap\"><img src=\"https:\/\/antonius-chor-wettingen.ch\/wp-content\/uploads\/cache\/2026\/03\/2026-Chorabend-Antonius-Chor-4-scaled\/2545816719.jpg\" width=\"270\" height=\"230\" class=\"skip-lazy fg-image\" decoding=\"async\" loading=\"lazy\"><\/span><span class=\"fg-image-overlay\"><\/span><\/a><\/figure><div class=\"fg-loader\"><\/div><\/div><div class=\"fg-item fg-type-image fg-loading\"><figure class=\"fg-item-inner\"><a href=\"https:\/\/antonius-chor-wettingen.ch\/wp-content\/uploads\/2026\/03\/2026-Chorabend-Antonius-Chor-5-scaled.jpg\" data-attachment-id=\"2634\" data-type=\"image\" class=\"fg-thumb\"><span class=\"fg-image-wrap\"><img src=\"https:\/\/antonius-chor-wettingen.ch\/wp-content\/uploads\/cache\/2026\/03\/2026-Chorabend-Antonius-Chor-5-scaled\/4239066171.jpg\" width=\"270\" height=\"230\" class=\"skip-lazy fg-image\" decoding=\"async\" loading=\"lazy\"><\/span><span class=\"fg-image-overlay\"><\/span><\/a><\/figure><div class=\"fg-loader\"><\/div><\/div><div class=\"fg-item fg-type-image fg-loading\"><figure class=\"fg-item-inner\"><a href=\"https:\/\/antonius-chor-wettingen.ch\/wp-content\/uploads\/2026\/03\/2026-Chorabend-Antonius-Chor-6-scaled.jpg\" data-attachment-id=\"2635\" data-type=\"image\" class=\"fg-thumb\"><span class=\"fg-image-wrap\"><img src=\"https:\/\/antonius-chor-wettingen.ch\/wp-content\/uploads\/cache\/2026\/03\/2026-Chorabend-Antonius-Chor-6-scaled\/2203252637.jpg\" width=\"270\" height=\"230\" class=\"skip-lazy fg-image\" decoding=\"async\" loading=\"lazy\"><\/span><span class=\"fg-image-overlay\"><\/span><\/a><\/figure><div class=\"fg-loader\"><\/div><\/div><div class=\"fg-item fg-type-image fg-loading\"><figure class=\"fg-item-inner\"><a href=\"https:\/\/antonius-chor-wettingen.ch\/wp-content\/uploads\/2026\/03\/2026-Chorabend-Antonius-Chor-26-scaled.jpg\" data-attachment-id=\"2655\" data-type=\"image\" class=\"fg-thumb\"><span class=\"fg-image-wrap\"><img src=\"https:\/\/antonius-chor-wettingen.ch\/wp-content\/uploads\/cache\/2026\/03\/2026-Chorabend-Antonius-Chor-26-scaled\/4027462943.jpg\" width=\"270\" height=\"230\" class=\"skip-lazy fg-image\" decoding=\"async\" loading=\"lazy\"><\/span><span class=\"fg-image-overlay\"><\/span><\/a><\/figure><div class=\"fg-loader\"><\/div><\/div><div class=\"fg-item fg-type-image fg-loading\"><figure class=\"fg-item-inner\"><a href=\"https:\/\/antonius-chor-wettingen.ch\/wp-content\/uploads\/2026\/03\/2026-Chorabend-Antonius-Chor-22-scaled.jpg\" data-attachment-id=\"2651\" data-type=\"image\" class=\"fg-thumb\"><span class=\"fg-image-wrap\"><img src=\"https:\/\/antonius-chor-wettingen.ch\/wp-content\/uploads\/cache\/2026\/03\/2026-Chorabend-Antonius-Chor-22-scaled\/578518796.jpg\" width=\"270\" height=\"230\" class=\"skip-lazy fg-image\" decoding=\"async\" loading=\"lazy\"><\/span><span class=\"fg-image-overlay\"><\/span><\/a><\/figure><div class=\"fg-loader\"><\/div><\/div><div class=\"fg-item fg-type-image fg-loading\"><figure class=\"fg-item-inner\"><a href=\"https:\/\/antonius-chor-wettingen.ch\/wp-content\/uploads\/2026\/03\/2026-Chorabend-Antonius-Chor-7-scaled.jpg\" data-attachment-id=\"2636\" data-type=\"image\" class=\"fg-thumb\"><span class=\"fg-image-wrap\"><img src=\"https:\/\/antonius-chor-wettingen.ch\/wp-content\/uploads\/cache\/2026\/03\/2026-Chorabend-Antonius-Chor-7-scaled\/2300872212.jpg\" width=\"270\" height=\"230\" class=\"skip-lazy fg-image\" decoding=\"async\" loading=\"lazy\"><\/span><span class=\"fg-image-overlay\"><\/span><\/a><\/figure><div class=\"fg-loader\"><\/div><\/div><div class=\"fg-item fg-type-image fg-loading\"><figure class=\"fg-item-inner\"><a href=\"https:\/\/antonius-chor-wettingen.ch\/wp-content\/uploads\/2026\/03\/2026-Chorabend-Antonius-Chor-27-scaled.jpg\" data-attachment-id=\"2656\" data-type=\"image\" class=\"fg-thumb\"><span class=\"fg-image-wrap\"><img src=\"https:\/\/antonius-chor-wettingen.ch\/wp-content\/uploads\/cache\/2026\/03\/2026-Chorabend-Antonius-Chor-27-scaled\/1945318035.jpg\" width=\"270\" height=\"230\" class=\"skip-lazy fg-image\" decoding=\"async\" loading=\"lazy\"><\/span><span class=\"fg-image-overlay\"><\/span><\/a><\/figure><div class=\"fg-loader\"><\/div><\/div><div class=\"fg-item fg-type-image fg-loading\"><figure class=\"fg-item-inner\"><a href=\"https:\/\/antonius-chor-wettingen.ch\/wp-content\/uploads\/2026\/03\/2026-Chorabend-Antonius-Chor-19-scaled.jpg\" data-attachment-id=\"2648\" data-type=\"image\" class=\"fg-thumb\"><span class=\"fg-image-wrap\"><img src=\"https:\/\/antonius-chor-wettingen.ch\/wp-content\/uploads\/cache\/2026\/03\/2026-Chorabend-Antonius-Chor-19-scaled\/4230276232.jpg\" width=\"270\" height=\"230\" class=\"skip-lazy fg-image\" decoding=\"async\" loading=\"lazy\"><\/span><span class=\"fg-image-overlay\"><\/span><\/a><\/figure><div class=\"fg-loader\"><\/div><\/div><div class=\"fg-item fg-type-image fg-loading\"><figure class=\"fg-item-inner\"><a href=\"https:\/\/antonius-chor-wettingen.ch\/wp-content\/uploads\/2026\/03\/2026-Chorabend-Antonius-Chor-24-scaled.jpg\" data-attachment-id=\"2653\" data-type=\"image\" class=\"fg-thumb\"><span class=\"fg-image-wrap\"><img src=\"https:\/\/antonius-chor-wettingen.ch\/wp-content\/uploads\/cache\/2026\/03\/2026-Chorabend-Antonius-Chor-24-scaled\/746929222.jpg\" width=\"270\" height=\"230\" class=\"skip-lazy fg-image\" decoding=\"async\" loading=\"lazy\"><\/span><span class=\"fg-image-overlay\"><\/span><\/a><\/figure><div class=\"fg-loader\"><\/div><\/div><div class=\"fg-item fg-type-image fg-loading\"><figure class=\"fg-item-inner\"><a href=\"https:\/\/antonius-chor-wettingen.ch\/wp-content\/uploads\/2026\/03\/2026-Chorabend-Antonius-Chor-25-scaled.jpg\" data-attachment-id=\"2654\" data-type=\"image\" class=\"fg-thumb\"><span class=\"fg-image-wrap\"><img src=\"https:\/\/antonius-chor-wettingen.ch\/wp-content\/uploads\/cache\/2026\/03\/2026-Chorabend-Antonius-Chor-25-scaled\/4151383226.jpg\" width=\"270\" height=\"230\" class=\"skip-lazy fg-image\" decoding=\"async\" loading=\"lazy\"><\/span><span class=\"fg-image-overlay\"><\/span><\/a><\/figure><div class=\"fg-loader\"><\/div><\/div><div class=\"fg-item fg-type-image fg-loading\"><figure class=\"fg-item-inner\"><a href=\"https:\/\/antonius-chor-wettingen.ch\/wp-content\/uploads\/2026\/03\/2026-Chorabend-Antonius-Chor-21-scaled.jpg\" data-attachment-id=\"2650\" data-type=\"image\" class=\"fg-thumb\"><span class=\"fg-image-wrap\"><img src=\"https:\/\/antonius-chor-wettingen.ch\/wp-content\/uploads\/cache\/2026\/03\/2026-Chorabend-Antonius-Chor-21-scaled\/621043369.jpg\" width=\"270\" height=\"230\" class=\"skip-lazy fg-image\" decoding=\"async\" loading=\"lazy\"><\/span><span class=\"fg-image-overlay\"><\/span><\/a><\/figure><div class=\"fg-loader\"><\/div><\/div><div class=\"fg-item fg-type-image fg-loading\"><figure class=\"fg-item-inner\"><a href=\"https:\/\/antonius-chor-wettingen.ch\/wp-content\/uploads\/2026\/03\/2026-Chorabend-Antonius-Chor-20-scaled.jpg\" data-attachment-id=\"2649\" data-type=\"image\" class=\"fg-thumb\"><span class=\"fg-image-wrap\"><img src=\"https:\/\/antonius-chor-wettingen.ch\/wp-content\/uploads\/cache\/2026\/03\/2026-Chorabend-Antonius-Chor-20-scaled\/3046902985.jpg\" width=\"270\" height=\"230\" class=\"skip-lazy fg-image\" decoding=\"async\" loading=\"lazy\"><\/span><span class=\"fg-image-overlay\"><\/span><\/a><\/figure><div class=\"fg-loader\"><\/div><\/div><div class=\"fg-item fg-type-image fg-loading\"><figure class=\"fg-item-inner\"><a href=\"https:\/\/antonius-chor-wettingen.ch\/wp-content\/uploads\/2026\/03\/2026-Chorabend-Antonius-Chor-8-scaled.jpg\" data-attachment-id=\"2637\" data-type=\"image\" class=\"fg-thumb\"><span class=\"fg-image-wrap\"><img src=\"https:\/\/antonius-chor-wettingen.ch\/wp-content\/uploads\/cache\/2026\/03\/2026-Chorabend-Antonius-Chor-8-scaled\/3005799510.jpg\" width=\"270\" height=\"230\" class=\"skip-lazy fg-image\" decoding=\"async\" loading=\"lazy\"><\/span><span class=\"fg-image-overlay\"><\/span><\/a><\/figure><div class=\"fg-loader\"><\/div><\/div><div class=\"fg-item fg-type-image fg-loading\"><figure class=\"fg-item-inner\"><a href=\"https:\/\/antonius-chor-wettingen.ch\/wp-content\/uploads\/2026\/03\/2026-Chorabend-Antonius-Chor-9-scaled.jpg\" data-attachment-id=\"2638\" data-type=\"image\" class=\"fg-thumb\"><span class=\"fg-image-wrap\"><img src=\"https:\/\/antonius-chor-wettingen.ch\/wp-content\/uploads\/cache\/2026\/03\/2026-Chorabend-Antonius-Chor-9-scaled\/452660888.jpg\" width=\"270\" height=\"230\" class=\"skip-lazy fg-image\" decoding=\"async\" loading=\"lazy\"><\/span><span class=\"fg-image-overlay\"><\/span><\/a><\/figure><div class=\"fg-loader\"><\/div><\/div><div class=\"fg-item fg-type-image fg-loading\"><figure class=\"fg-item-inner\"><a href=\"https:\/\/antonius-chor-wettingen.ch\/wp-content\/uploads\/2026\/03\/2026-Chorabend-Antonius-Chor-10-scaled.jpg\" data-attachment-id=\"2639\" data-type=\"image\" class=\"fg-thumb\"><span class=\"fg-image-wrap\"><img src=\"https:\/\/antonius-chor-wettingen.ch\/wp-content\/uploads\/cache\/2026\/03\/2026-Chorabend-Antonius-Chor-10-scaled\/2263638965.jpg\" width=\"270\" height=\"230\" class=\"skip-lazy fg-image\" decoding=\"async\" loading=\"lazy\"><\/span><span class=\"fg-image-overlay\"><\/span><\/a><\/figure><div class=\"fg-loader\"><\/div><\/div><div class=\"fg-item fg-type-image fg-loading\"><figure class=\"fg-item-inner\"><a href=\"https:\/\/antonius-chor-wettingen.ch\/wp-content\/uploads\/2026\/03\/2026-Chorabend-Antonius-Chor-11-scaled.jpg\" data-attachment-id=\"2640\" data-type=\"image\" class=\"fg-thumb\"><span class=\"fg-image-wrap\"><img src=\"https:\/\/antonius-chor-wettingen.ch\/wp-content\/uploads\/cache\/2026\/03\/2026-Chorabend-Antonius-Chor-11-scaled\/2210363119.jpg\" width=\"270\" height=\"230\" class=\"skip-lazy fg-image\" decoding=\"async\" loading=\"lazy\"><\/span><span class=\"fg-image-overlay\"><\/span><\/a><\/figure><div class=\"fg-loader\"><\/div><\/div><div class=\"fg-item fg-type-image fg-loading\"><figure class=\"fg-item-inner\"><a href=\"https:\/\/antonius-chor-wettingen.ch\/wp-content\/uploads\/2026\/03\/2026-Chorabend-Antonius-Chor-12-scaled.jpg\" data-attachment-id=\"2641\" data-type=\"image\" class=\"fg-thumb\"><span class=\"fg-image-wrap\"><img src=\"https:\/\/antonius-chor-wettingen.ch\/wp-content\/uploads\/cache\/2026\/03\/2026-Chorabend-Antonius-Chor-12-scaled\/2227197770.jpg\" width=\"270\" height=\"230\" class=\"skip-lazy fg-image\" decoding=\"async\" loading=\"lazy\"><\/span><span class=\"fg-image-overlay\"><\/span><\/a><\/figure><div class=\"fg-loader\"><\/div><\/div><div class=\"fg-item fg-type-image fg-loading\"><figure class=\"fg-item-inner\"><a href=\"https:\/\/antonius-chor-wettingen.ch\/wp-content\/uploads\/2026\/03\/2026-Chorabend-Antonius-Chor-13-scaled.jpg\" data-attachment-id=\"2642\" data-type=\"image\" class=\"fg-thumb\"><span class=\"fg-image-wrap\"><img src=\"https:\/\/antonius-chor-wettingen.ch\/wp-content\/uploads\/cache\/2026\/03\/2026-Chorabend-Antonius-Chor-13-scaled\/121458886.jpg\" width=\"270\" height=\"230\" class=\"skip-lazy fg-image\" decoding=\"async\" loading=\"lazy\"><\/span><span class=\"fg-image-overlay\"><\/span><\/a><\/figure><div class=\"fg-loader\"><\/div><\/div><div class=\"fg-item fg-type-image fg-loading\"><figure class=\"fg-item-inner\"><a href=\"https:\/\/antonius-chor-wettingen.ch\/wp-content\/uploads\/2026\/03\/2026-Chorabend-Antonius-Chor-14-scaled.jpg\" data-attachment-id=\"2643\" data-type=\"image\" class=\"fg-thumb\"><span class=\"fg-image-wrap\"><img src=\"https:\/\/antonius-chor-wettingen.ch\/wp-content\/uploads\/cache\/2026\/03\/2026-Chorabend-Antonius-Chor-14-scaled\/2319324160.jpg\" width=\"270\" height=\"230\" class=\"skip-lazy fg-image\" decoding=\"async\" loading=\"lazy\"><\/span><span class=\"fg-image-overlay\"><\/span><\/a><\/figure><div class=\"fg-loader\"><\/div><\/div><div class=\"fg-item fg-type-image fg-loading\"><figure class=\"fg-item-inner\"><a href=\"https:\/\/antonius-chor-wettingen.ch\/wp-content\/uploads\/2026\/03\/2026-Chorabend-Antonius-Chor-15-scaled.jpg\" data-attachment-id=\"2644\" data-type=\"image\" class=\"fg-thumb\"><span class=\"fg-image-wrap\"><img src=\"https:\/\/antonius-chor-wettingen.ch\/wp-content\/uploads\/cache\/2026\/03\/2026-Chorabend-Antonius-Chor-15-scaled\/1372208380.jpg\" width=\"270\" height=\"230\" class=\"skip-lazy fg-image\" decoding=\"async\" loading=\"lazy\"><\/span><span class=\"fg-image-overlay\"><\/span><\/a><\/figure><div class=\"fg-loader\"><\/div><\/div><div class=\"fg-item fg-type-image fg-loading\"><figure class=\"fg-item-inner\"><a href=\"https:\/\/antonius-chor-wettingen.ch\/wp-content\/uploads\/2026\/03\/2026-Chorabend-Antonius-Chor-30-scaled.jpg\" data-attachment-id=\"2659\" data-type=\"image\" class=\"fg-thumb\"><span class=\"fg-image-wrap\"><img src=\"https:\/\/antonius-chor-wettingen.ch\/wp-content\/uploads\/cache\/2026\/03\/2026-Chorabend-Antonius-Chor-30-scaled\/2491875820.jpg\" width=\"270\" height=\"230\" class=\"skip-lazy fg-image\" decoding=\"async\" loading=\"lazy\"><\/span><span class=\"fg-image-overlay\"><\/span><\/a><\/figure><div class=\"fg-loader\"><\/div><\/div><div class=\"fg-item fg-type-image fg-loading\"><figure class=\"fg-item-inner\"><a href=\"https:\/\/antonius-chor-wettingen.ch\/wp-content\/uploads\/2026\/03\/2026-Chorabend-Antonius-Chor-16-scaled.jpg\" data-attachment-id=\"2645\" data-type=\"image\" class=\"fg-thumb\"><span class=\"fg-image-wrap\"><img src=\"https:\/\/antonius-chor-wettingen.ch\/wp-content\/uploads\/cache\/2026\/03\/2026-Chorabend-Antonius-Chor-16-scaled\/1454710105.jpg\" width=\"270\" height=\"230\" class=\"skip-lazy fg-image\" decoding=\"async\" loading=\"lazy\"><\/span><span class=\"fg-image-overlay\"><\/span><\/a><\/figure><div class=\"fg-loader\"><\/div><\/div><div class=\"fg-item fg-type-image fg-loading\"><figure class=\"fg-item-inner\"><a href=\"https:\/\/antonius-chor-wettingen.ch\/wp-content\/uploads\/2026\/03\/2026-Chorabend-Antonius-Chor-17-scaled.jpg\" data-attachment-id=\"2646\" data-type=\"image\" class=\"fg-thumb\"><span class=\"fg-image-wrap\"><img src=\"https:\/\/antonius-chor-wettingen.ch\/wp-content\/uploads\/cache\/2026\/03\/2026-Chorabend-Antonius-Chor-17-scaled\/3578272469.jpg\" width=\"270\" height=\"230\" class=\"skip-lazy fg-image\" decoding=\"async\" loading=\"lazy\"><\/span><span class=\"fg-image-overlay\"><\/span><\/a><\/figure><div class=\"fg-loader\"><\/div><\/div><div class=\"fg-item fg-type-image fg-loading\"><figure class=\"fg-item-inner\"><a href=\"https:\/\/antonius-chor-wettingen.ch\/wp-content\/uploads\/2026\/03\/2026-Chorabend-Antonius-Chor-18-scaled.jpg\" data-attachment-id=\"2647\" data-type=\"image\" class=\"fg-thumb\"><span class=\"fg-image-wrap\"><img src=\"https:\/\/antonius-chor-wettingen.ch\/wp-content\/uploads\/cache\/2026\/03\/2026-Chorabend-Antonius-Chor-18-scaled\/2546111124.jpg\" width=\"270\" height=\"230\" class=\"skip-lazy fg-image\" decoding=\"async\" loading=\"lazy\"><\/span><span class=\"fg-image-overlay\"><\/span><\/a><\/figure><div class=\"fg-loader\"><\/div><\/div><div class=\"fg-item fg-type-image fg-loading\"><figure class=\"fg-item-inner\"><a href=\"https:\/\/antonius-chor-wettingen.ch\/wp-content\/uploads\/2026\/03\/2026-Chorabend-Antonius-Chor-28.jpg\" data-attachment-id=\"2657\" data-type=\"image\" class=\"fg-thumb\"><span class=\"fg-image-wrap\"><img src=\"https:\/\/antonius-chor-wettingen.ch\/wp-content\/uploads\/cache\/2026\/03\/2026-Chorabend-Antonius-Chor-28\/223845855.jpg\" width=\"270\" height=\"230\" class=\"skip-lazy fg-image\" decoding=\"async\" loading=\"lazy\"><\/span><span class=\"fg-image-overlay\"><\/span><\/a><\/figure><div class=\"fg-loader\"><\/div><\/div><div class=\"fg-item fg-type-image fg-loading\"><figure class=\"fg-item-inner\"><a href=\"https:\/\/antonius-chor-wettingen.ch\/wp-content\/uploads\/2026\/03\/2026-Chorabend-Antonius-Chor-29-scaled.jpg\" data-attachment-id=\"2658\" data-type=\"image\" class=\"fg-thumb\"><span class=\"fg-image-wrap\"><img src=\"https:\/\/antonius-chor-wettingen.ch\/wp-content\/uploads\/cache\/2026\/03\/2026-Chorabend-Antonius-Chor-29-scaled\/1520422094.jpg\" width=\"270\" height=\"230\" class=\"skip-lazy fg-image\" decoding=\"async\" loading=\"lazy\"><\/span><span class=\"fg-image-overlay\"><\/span><\/a><\/figure><div class=\"fg-loader\"><\/div><\/div><div class=\"fg-item fg-type-image fg-loading\"><figure class=\"fg-item-inner\"><a href=\"https:\/\/antonius-chor-wettingen.ch\/wp-content\/uploads\/2026\/03\/2026-Chorabend-Antonius-Chor-31-scaled.jpg\" data-attachment-id=\"2660\" data-type=\"image\" class=\"fg-thumb\"><span class=\"fg-image-wrap\"><img src=\"https:\/\/antonius-chor-wettingen.ch\/wp-content\/uploads\/cache\/2026\/03\/2026-Chorabend-Antonius-Chor-31-scaled\/3247008933.jpg\" width=\"270\" height=\"230\" class=\"skip-lazy fg-image\" decoding=\"async\" loading=\"lazy\"><\/span><span class=\"fg-image-overlay\"><\/span><\/a><\/figure><div class=\"fg-loader\"><\/div><\/div><div class=\"fg-item fg-type-image fg-loading\"><figure class=\"fg-item-inner\"><a href=\"https:\/\/antonius-chor-wettingen.ch\/wp-content\/uploads\/2026\/03\/2026-Chorabend-Antonius-Chor-32-scaled.jpg\" data-attachment-id=\"2661\" data-type=\"image\" class=\"fg-thumb\"><span class=\"fg-image-wrap\"><img src=\"https:\/\/antonius-chor-wettingen.ch\/wp-content\/uploads\/cache\/2026\/03\/2026-Chorabend-Antonius-Chor-32-scaled\/3338030336.jpg\" width=\"270\" height=\"230\" class=\"skip-lazy fg-image\" decoding=\"async\" loading=\"lazy\"><\/span><span class=\"fg-image-overlay\"><\/span><\/a><\/figure><div class=\"fg-loader\"><\/div><\/div><div class=\"fg-item fg-type-image fg-loading\"><figure class=\"fg-item-inner\"><a href=\"https:\/\/antonius-chor-wettingen.ch\/wp-content\/uploads\/2026\/03\/2026-Chorabend-Antonius-Chor-23-scaled.jpg\" data-attachment-id=\"2652\" data-type=\"image\" class=\"fg-thumb\"><span class=\"fg-image-wrap\"><img src=\"https:\/\/antonius-chor-wettingen.ch\/wp-content\/uploads\/cache\/2026\/03\/2026-Chorabend-Antonius-Chor-23-scaled\/2709944448.jpg\" width=\"270\" height=\"230\" class=\"skip-lazy fg-image\" decoding=\"async\" loading=\"lazy\"><\/span><span class=\"fg-image-overlay\"><\/span><\/a><\/figure><div class=\"fg-loader\"><\/div><\/div><\/div>\n\n\n\n\n<p class=\"wp-block-paragraph\"><\/p>\n","protected":false},"excerpt":{"rendered":"<p>Fr\u00f6hlich ging es zu beim Chorabend des Antonius-Chors. Nach dem gemeinsam gestalteten Gottesdienst wurde im Pfarrsaal gefeiert, wo ein abwechslungsreiches Programm dargeboten wurde. Vren Holenstein, Inge Luongo und Peter M\u00fcller verzauberten das Publikum mit einem Reigen aus Operetten-Melodien. Pr\u00e4sident Walti W\u00fcrsch lobte die Erfolge des Chors und dankte vor allem Chorleiterin Margit Klusch. Alle Beitr\u00e4ge &#8230; <a title=\"2026 Chorabend\" class=\"read-more\" href=\"https:\/\/antonius-chor-wettingen.ch\/index.php\/2026-chorabend\/\">Weiterlesen <span class=\"screen-reader-text\">2026 Chorabend<\/span><\/a><\/p>\n","protected":false},"author":1,"featured_media":0,"parent":0,"menu_order":0,"comment_status":"closed","ping_status":"closed","template":"","meta":{"_acf_changed":false,"footnotes":""},"class_list":["post-2662","page","type-page","status-publish"],"acf":[],"jetpack_sharing_enabled":true,"_links":{"self":[{"href":"https:\/\/antonius-chor-wettingen.ch\/index.php\/wp-json\/wp\/v2\/pages\/2662","targetHints":{"allow":["GET"]}}],"collection":[{"href":"https:\/\/antonius-chor-wettingen.ch\/index.php\/wp-json\/wp\/v2\/pages"}],"about":[{"href":"https:\/\/antonius-chor-wettingen.ch\/index.php\/wp-json\/wp\/v2\/types\/page"}],"author":[{"embeddable":true,"href":"https:\/\/antonius-chor-wettingen.ch\/index.php\/wp-json\/wp\/v2\/users\/1"}],"replies":[{"embeddable":true,"href":"https:\/\/antonius-chor-wettingen.ch\/index.php\/wp-json\/wp\/v2\/comments?post=2662"}],"version-history":[{"count":1,"href":"https:\/\/antonius-chor-wettingen.ch\/index.php\/wp-json\/wp\/v2\/pages\/2662\/revisions"}],"predecessor-version":[{"id":2678,"href":"https:\/\/antonius-chor-wettingen.ch\/index.php\/wp-json\/wp\/v2\/pages\/2662\/revisions\/2678"}],"wp:attachment":[{"href":"https:\/\/antonius-chor-wettingen.ch\/index.php\/wp-json\/wp\/v2\/media?parent=2662"}],"curies":[{"name":"wp","href":"https:\/\/api.w.org\/{rel}","templated":true}]}}